{"id":4974,"date":"2023-12-04T16:55:11","date_gmt":"2023-12-04T15:55:11","guid":{"rendered":"https:\/\/www.famigliaolivini.com\/?page_id=4974"},"modified":"2025-10-01T15:06:19","modified_gmt":"2025-10-01T13:06:19","slug":"notte-a-san-martino-benaco-bresciano-igt-merlot","status":"publish","type":"page","link":"https:\/\/www.famigliaolivini.com\/fr\/notte-a-san-martino-benaco-bresciano-igt-merlot\/","title":{"rendered":"Notte a San martino Benaco Bresciano IGT Merlot"},"content":{"rendered":"<div class=\"wpb-content-wrapper\"><p>[vc_row reverse_columns_mobile=\u00a0\u00bbyes\u00a0\u00bb css_animation=\u00a0\u00bb\u00a0\u00bb css=\u00a0\u00bb.vc_custom_1690458667802{margin-bottom: 0px !important;border-bottom-width: 0px !important;padding-bottom: 0px !important;}\u00a0\u00bb][vc_column css_animation=\u00a0\u00bb\u00a0\u00bb][vc_row_inner css_animation=\u00a0\u00bb\u00a0\u00bb css=\u00a0\u00bb.vc_custom_1688565237563{margin-bottom: 0px !important;}\u00a0\u00bb][vc_column_inner width=\u00a0\u00bb1\/2&Prime;][vc_single_image image=\u00a0\u00bb6089&Prime; img_size=\u00a0\u00bbfull\u00a0\u00bb alignment=\u00a0\u00bbcenter\u00a0\u00bb css_animation=\u00a0\u00bb\u00a0\u00bb css=\u00a0\u00bb.vc_custom_1719328551462{margin-bottom: 0px !important;}\u00a0\u00bb][\/vc_column_inner][vc_column_inner width=\u00a0\u00bb1\/2&Prime; css=\u00a0\u00bb.vc_custom_1488885265853{padding: 5% !important;}\u00a0\u00bb][vc_column_text css_animation=\u00a0\u00bb\u00a0\u00bb css=\u00a0\u00bb.vc_custom_1718977508925{margin-bottom: 10px !important;}\u00a0\u00bb]<\/p>\n<h1>NOTTE A SAN MARTINO<\/h1>\n<p>[\/vc_column_text][vc_column_text css_animation=\u00a0\u00bb\u00a0\u00bb]<\/p>\n<h4>BENACO BRESCIANO I.G.T. MERLOT<\/h4>\n<p>[\/vc_column_text][vc_column_text css_animation=\u00a0\u00bb\u00a0\u00bb]<\/p>\n<div class=\"tit\">Tranch\u00e9 mais velout\u00e9, un vin de m\u00e9ditation.<\/div>\n<p>[\/vc_column_text][vc_column_text css_animation=\u00a0\u00bb\u00a0\u00bb css=\u00a0\u00bb.vc_custom_1697467433853{margin-top: 60px !important;margin-bottom: 60px !important;}\u00a0\u00bb]<\/p>\n<div class=\"simpleText\">\n<div class=\"simpleText\">\n<div class=\"simpleText\">\n<p>Vin obtenu exclusivement par la s\u00e9lection de c\u00e9page Merlot passerill\u00e9 en cageots de bois. Apr\u00e8s une technique de vinification soign\u00e9e, un vieillissement en f\u00fbt de ch\u00eane fran\u00e7ais suit pendant plus de 24 mois. Vin \u00e0 la grande long\u00e9vit\u00e9 et \u00e0 l&rsquo;identit\u00e9 distinctive. Robe rouge rubis profond, parfum \u00e9th\u00e9r\u00e9 et enveloppant avec des notes de fruits m\u00fbrs, de caf\u00e9 jusqu&rsquo;\u00e0 des sensations plus intenses de chocolat. Il fascine par sa structure somptueuse qui le rend velout\u00e9 et \u00e9l\u00e9gant, adapt\u00e9 aux meilleures occasions.<\/p>\n<\/div>\n<\/div>\n<\/div>\n<p>[\/vc_column_text][vc_column_text css_animation=\u00a0\u00bb\u00a0\u00bb]<\/p>\n<div class=\"buynow\"><a href=\"https:\/\/shop.famigliaolivini.com\/products\/notte-a-san-martino-benaco-bresciano-igt-merlot\" target=\"_blank\" rel=\"noopener\">ACHETER MAINTENANT<\/a><\/div>\n<p>[\/vc_column_text][\/vc_column_inner][\/vc_row_inner][\/vc_column][\/vc_row][vc_section][vc_row reverse_columns_mobile=\u00a0\u00bbyes\u00a0\u00bb css_animation=\u00a0\u00bb\u00a0\u00bb][vc_column css_animation=\u00a0\u00bb\u00a0\u00bb]\n\t<div class=\"title-subtitle-box \" style=\" text-align: left;\">\n\t\t<p  style=\"\">Agricoltura Ragionata\u00ae<\/p>\n\t\t<h2 style=\" font-size:45pxpx; line-height: normal; font-style: normal;\">C\u2019est notre philosophie.<br \/>\nUne m\u00e9thode transmise de g\u00e9n\u00e9ration en g\u00e9n\u00e9ration.<\/h2>\n\t<\/div> [vc_row_inner css_animation=\u00a0\u00bb\u00a0\u00bb css=\u00a0\u00bb.vc_custom_1688566738733{margin-top: 100px !important;margin-bottom: 0px !important;}\u00a0\u00bb][vc_column_inner width=\u00a0\u00bb1\/2&Prime; css=\u00a0\u00bb.vc_custom_1688567769959{padding-top: 5% !important;padding-right: 5% !important;padding-bottom: 5% !important;padding-left: 5% !important;}\u00a0\u00bb offset=\u00a0\u00bbvc_col-lg-5&Prime;]\n\t<div class=\"title-subtitle-box  vc_custom_1689197121517 spec\" style=\" text-align: left;\">\n\t\t<h2 style=\" font-size:45pxpx; line-height: normal; font-style: normal;\">Notte a San Martino<\/h2>\n\t<\/div> \n\t<div class=\"title-subtitle-box  spec\" style=\" text-align: left;\">\n\t\t<h6 style=\" font-style: normal; text-transform: uppercase;\">Appellation d\u2019origine<\/h6>\n\t<\/div> [vc_column_text css_animation=\u00a0\u00bb\u00a0\u00bb]Benaco Bresciano I.G.T. Merlot[\/vc_column_text]\n\t<div class=\"title-subtitle-box  spec\" style=\" text-align: left;\">\n\t\t<h6 style=\" font-style: normal; text-transform: uppercase;\">Assemblage<\/h6>\n\t<\/div> [vc_column_text css_animation=\u00a0\u00bb\u00a0\u00bb]Merlot[\/vc_column_text]\n\t<div class=\"title-subtitle-box  spec\" style=\" text-align: left;\">\n\t\t<h6 style=\" font-style: normal; text-transform: uppercase;\">Temp\u00e9rature de service<\/h6>\n\t<\/div> [vc_column_text css_animation=\u00a0\u00bb\u00a0\u00bb]18-20\u00b0 C[\/vc_column_text]\n\t<div class=\"title-subtitle-box  spec\" style=\" text-align: left;\">\n\t\t<h6 style=\" font-style: normal; text-transform: uppercase;\">Vinification<\/h6>\n\t<\/div> [vc_column_text css_animation=\u00a0\u00bb\u00a0\u00bb]Vendanges manuelles en cageot de bois puis passerillage en grenier, mac\u00e9ration prolong\u00e9e, fermentation alcoolique effectu\u00e9e sur des levures s\u00e9lectionn\u00e9es, fermentation malolactique compl\u00e8te.[\/vc_column_text]\n\t<div class=\"title-subtitle-box  spec\" style=\" text-align: left;\">\n\t\t<h6 style=\" font-style: normal; text-transform: uppercase;\">Affinage<\/h6>\n\t<\/div> [vc_column_text css_animation=\u00a0\u00bb\u00a0\u00bb]En barriques de ch\u00eane fran\u00e7ais pendant 24 mois, en f\u00fbts d&rsquo;acier pendant quelques mois puis affinage en bouteille.[\/vc_column_text]\n\t<div class=\"title-subtitle-box  spec\" style=\" text-align: left;\">\n\t\t<h6 style=\" font-style: normal; text-transform: uppercase;\">Analyse sensorielle<\/h6>\n\t<\/div> [vc_column_text css_animation=\u00a0\u00bb\u00a0\u00bb]Robe rouge tr\u00e8s intense, parfum \u00e9th\u00e9r\u00e9 de fruits m\u00fbrs, caf\u00e9 et chocolat, saveur tr\u00e8s forte mais velout\u00e9e. Contient des sulfites.[\/vc_column_text]\n\t<div class=\"title-subtitle-box  spec\" style=\" text-align: left;\">\n\t\t<h6 style=\" font-style: normal; text-transform: uppercase;\">Produit en Italie<\/h6>\n\t<\/div> [vc_column_text css_animation=\u00a0\u00bb\u00a0\u00bb]<\/p>\n<div class=\"buynow\"><a href=\"https:\/\/shop.famigliaolivini.com\/products\/notte-a-san-martino-benaco-bresciano-igt-merlot\" target=\"_blank\" rel=\"noopener\">ACHETER MAINTENANT<\/a> <a href=\"https:\/\/www.famigliaolivini.com\/wp-content\/uploads\/2024\/07\/scheda-notte-a-san-martino.pdf\" target=\"_blank\" rel=\"noopener\">T\u00c9L\u00c9CHARGER LE PDF<\/a><\/div>\n<p>[\/vc_column_text][\/vc_column_inner][vc_column_inner width=\u00a0\u00bb1\/2&Prime; offset=\u00a0\u00bbvc_col-lg-offset-1&Prime;][vc_single_image image=\u00a0\u00bb3361&Prime; img_size=\u00a0\u00bbfull\u00a0\u00bb alignment=\u00a0\u00bbcenter\u00a0\u00bb css_animation=\u00a0\u00bb\u00a0\u00bb css=\u00a0\u00bb.vc_custom_1689200621681{margin-bottom: 0px !important;}\u00a0\u00bb][\/vc_column_inner][\/vc_row_inner][vc_row_inner css_animation=\u00a0\u00bb\u00a0\u00bb css=\u00a0\u00bb.vc_custom_1688568339894{margin-top: 100px !important;margin-bottom: 0px !important;}\u00a0\u00bb][vc_column_inner width=\u00a0\u00bb1\/2&Prime;][vc_single_image image=\u00a0\u00bb3362&Prime; img_size=\u00a0\u00bbfull\u00a0\u00bb alignment=\u00a0\u00bbcenter\u00a0\u00bb css_animation=\u00a0\u00bb\u00a0\u00bb css=\u00a0\u00bb.vc_custom_1689200712168{margin-bottom: 0px !important;}\u00a0\u00bb][\/vc_column_inner][vc_column_inner width=\u00a0\u00bb1\/2&Prime; css=\u00a0\u00bb.vc_custom_1488885265853{padding: 5% !important;}\u00a0\u00bb]\n\t<div class=\"title-subtitle-box  abb\" style=\" text-align: left;\">\n\t\t<p  style=\"\">ACCORDS METS ET VINS<\/p>\n\t\t<h2 style=\" font-size:45pxpx; line-height: normal; font-style: normal;\">Vin id\u00e9al pour les plats \u00e0 base de viande rouge comme les viandes brais\u00e9es, le gibier et les r\u00f4tis. Vin de m\u00e9ditation int\u00e9ressant en fin de repas, accompagn\u00e9 de fromages \u00e0 p\u00e2te dure et tr\u00e8s faits.<\/h2>\n\t<\/div> [\/vc_column_inner][\/vc_row_inner][\/vc_column][\/vc_row][\/vc_section][vc_row full_width=\u00a0\u00bbstretch_row\u00a0\u00bb css_animation=\u00a0\u00bb\u00a0\u00bb css=\u00a0\u00bb.vc_custom_1759323975574{padding-top: 100px !important;padding-bottom: 90px !important;background-color: #000000 !important;background-position: center !important;background-repeat: no-repeat !important;background-size: cover !important;}\u00a0\u00bb][vc_column css_animation=\u00a0\u00bb\u00a0\u00bb][vc_column_text css_animation=\u00a0\u00bb\u00a0\u00bb el_id=\u00a0\u00bbtit55&Prime;]<\/p>\n<h3 style=\"text-align: center;\">Abonnez-vous \u00e0 la newslette<\/h3>\n<p>[\/vc_column_text]<div class=\"vc_widget vc_widget_mailchimp   \"><div class=\"widget widget_mc4wp_form_widget\"><script>(function() {\n\twindow.mc4wp = window.mc4wp || {\n\t\tlisteners: [],\n\t\tforms: {\n\t\t\ton: function(evt, cb) {\n\t\t\t\twindow.mc4wp.listeners.push(\n\t\t\t\t\t{\n\t\t\t\t\t\tevent   : evt,\n\t\t\t\t\t\tcallback: cb\n\t\t\t\t\t}\n\t\t\t\t);\n\t\t\t}\n\t\t}\n\t}\n})();\n<\/script><!-- Mailchimp for WordPress v4.12.2 - https:\/\/wordpress.org\/plugins\/mailchimp-for-wp\/ --><form id=\"mc4wp-form-1\" class=\"mc4wp-form mc4wp-form-336 mc4wp-form-basic\" method=\"post\" data-id=\"336\" data-name=\"Villenoir\" ><div class=\"mc4wp-form-fields\"><style>\r\n  .input-group-btn:last-child::before{display:none}\r\n  ::placeholder {color:#000000 !important;}\r\n<\/style>\r\n<div id=\"formn\">\r\n<div class=\"form-group text-center\">\r\n\t<label class=\"hidden\">Email address: <\/label>\r\n\t<input class=\"form-control\" style=\"height:50px;border:1px solid #ffffff;border-radius:5px;background:#ffffff;\r\n                                       color:#000000;max-width:100% !important\" type=\"email\" name=\"EMAIL\" placeholder=\"Email\" required \/> \r\n<\/div>\r\n<div class=\"form-check\">\r\n        <input type=\"checkbox\" class=\"form-check-input\" id=\"privacy\" name=\"AGREE_TO_TERMS\" value=\"1\" required=\"\">\r\n             <span class=\"form-check-label\" for=\"privacy\" \r\n                   style=\"margin-top:-25px;display:block;padding-left:20px;font-size:12px; \r\n                          !important;color:#ffffff;line-height:1.4\">\r\n         Autorizzo al trattamento dei miei dati personali per fini di comunicazione commerciale e\/o invio di materiale pubblicitario dell'azienda, secondo l'informativa in materia di dati personali ai sensi del Regolamento Europeo (EU) 2017\/679 \u201cGDPR\u201d.\r\n         <\/span>\r\n    <\/div>  \t\r\n<span class=\"input-group-btn text-center\" style=\"text-align:center\">\r\n    \t<input class=\"btn\" style=\"font-size:20px;border:none;color:#ffffff\" type=\"submit\" value=\"Iscriviti\" \/>\r\n  \t<\/span>\r\n<!-- \/input-group -->\r\n<\/div><\/div><label style=\"display: none !important;\">Laissez ce champ vide si vous \u00eates humain\u00a0: <input type=\"text\" name=\"_mc4wp_honeypot\" value=\"\" tabindex=\"-1\" autocomplete=\"off\" \/><\/label><input type=\"hidden\" name=\"_mc4wp_timestamp\" value=\"1777608059\" \/><input type=\"hidden\" name=\"_mc4wp_form_id\" value=\"336\" \/><input type=\"hidden\" name=\"_mc4wp_form_element_id\" value=\"mc4wp-form-1\" \/><div class=\"mc4wp-response\"><\/div><\/form><!-- \/ Mailchimp for WordPress Plugin --><\/div><\/div>[\/vc_column][\/vc_row]<\/p>\n<\/div>","protected":false},"excerpt":{"rendered":"<p>[vc_row reverse_columns_mobile=\u00a0\u00bbyes\u00a0\u00bb css_animation=\u00a0\u00bb\u00a0\u00bb css=\u00a0\u00bb.vc_custom_1690458667802{margin-bottom: 0px !important;border-bottom-width: 0px !important;padding-bottom: 0px !important;}\u00a0\u00bb][vc_column css_animation=\u00a0\u00bb\u00a0\u00bb][vc_row_inner css_animation=\u00a0\u00bb\u00a0\u00bb css=\u00a0\u00bb.vc_custom_1688565237563{margin-bottom: 0px !important;}\u00a0\u00bb][vc_column_inner width=\u00a0\u00bb1\/2&Prime;][vc_single_image image=\u00a0\u00bb6089&Prime; img_size=\u00a0\u00bbfull\u00a0\u00bb alignment=\u00a0\u00bbcenter\u00a0\u00bb css_animation=\u00a0\u00bb\u00a0\u00bb css=\u00a0\u00bb.vc_custom_1719328551462{margin-bottom: 0px !important;}\u00a0\u00bb][\/vc_column_inner][vc_column_inner width=\u00a0\u00bb1\/2&Prime; css=\u00a0\u00bb.vc_custom_1488885265853{padding: 5% !important;}\u00a0\u00bb][vc_column_text css_animation=\u00a0\u00bb\u00a0\u00bb css=\u00a0\u00bb.vc_custom_1718977508925{margin-bottom: 10px !important;}\u00a0\u00bb] NOTTE A SAN MARTINO [\/vc_column_text][vc_column_text css_animation=\u00a0\u00bb\u00a0\u00bb] BENACO BRESCIANO I.G.T. MERLOT [\/vc_column_text][vc_column_text css_animation=\u00a0\u00bb\u00a0\u00bb] Tranch\u00e9 mais velout\u00e9, un vin de m\u00e9ditation. [\/vc_column_text][vc_column_text css_animation=\u00a0\u00bb\u00a0\u00bb css=\u00a0\u00bb.vc_custom_1697467433853{margin-top: 60px !important;margin-bottom:<br class=\"read-more-spacer\"> <a class=\"more-link\" href=\"https:\/\/www.famigliaolivini.com\/fr\/notte-a-san-martino-benaco-bresciano-igt-merlot\/\">Read More<\/a><\/p>\n","protected":false},"author":3,"featured_media":0,"parent":0,"menu_order":0,"comment_status":"closed","ping_status":"closed","template":"","meta":{"footnotes":""},"class_list":["post-4974","page","type-page","status-publish","hentry"],"acf":[],"_links":{"self":[{"href":"https:\/\/www.famigliaolivini.com\/fr\/wp-json\/wp\/v2\/pages\/4974","targetHints":{"allow":["GET"]}}],"collection":[{"href":"https:\/\/www.famigliaolivini.com\/fr\/wp-json\/wp\/v2\/pages"}],"about":[{"href":"https:\/\/www.famigliaolivini.com\/fr\/wp-json\/wp\/v2\/types\/page"}],"author":[{"embeddable":true,"href":"https:\/\/www.famigliaolivini.com\/fr\/wp-json\/wp\/v2\/users\/3"}],"replies":[{"embeddable":true,"href":"https:\/\/www.famigliaolivini.com\/fr\/wp-json\/wp\/v2\/comments?post=4974"}],"version-history":[{"count":11,"href":"https:\/\/www.famigliaolivini.com\/fr\/wp-json\/wp\/v2\/pages\/4974\/revisions"}],"predecessor-version":[{"id":6853,"href":"https:\/\/www.famigliaolivini.com\/fr\/wp-json\/wp\/v2\/pages\/4974\/revisions\/6853"}],"wp:attachment":[{"href":"https:\/\/www.famigliaolivini.com\/fr\/wp-json\/wp\/v2\/media?parent=4974"}],"curies":[{"name":"wp","href":"https:\/\/api.w.org\/{rel}","templated":true}]}}